{"id":7664,"date":"2011-06-01T15:34:11","date_gmt":"2011-06-01T13:34:11","guid":{"rendered":"http:\/\/www.revuegruppen.com\/gruppen2018\/?post_type=product&#038;p=7664"},"modified":"2024-04-12T17:53:59","modified_gmt":"2024-04-12T15:53:59","slug":"gruppen-n3","status":"publish","type":"product","link":"https:\/\/www.revuegruppen.com\/gruppen\/produit\/gruppen-n3\/","title":{"rendered":"Gruppen n\u00b03"},"content":{"rendered":"<p style=\"text-align: justify;\"><b>Entrevue<\/b><br \/>\navec\u00a0PIERRE ETAIX<b>\u00a0<\/b>(cin\u00e9ma)<\/p>\n<p style=\"text-align: justify;\"><b>Po\u00e9sie<\/b><br \/>\nSERGE PEY\u00a0\u2013\u00a0<em>Ouverture \u2013 Po\u00e8me Radioactif<br \/>\n<\/em>MARC SASTRE<em>\u00a0\u2013 Des tripes et des yeux.<br \/>\n<\/em>LAURENT JARFER\u00a0\u2013\u00a0<em>Bebop Po\u00e8me (po\u00e8me n\u00e8gre).<\/em><\/p>\n<p style=\"text-align: justify;\"><b>Musique<\/b><br \/>\nILAN KADDOUCH\u00a0\u2013\u00a0<em>Le signifi\u00e9 retrouv\u00e9.<\/em><br \/>\nExiste-t-il en musique une relation du type : tel son implique telle signification pour tout auditeur dans une soci\u00e9t\u00e9 donn\u00e9e\u00a0 ? Notre \u00e9tude le montre, et fournit les premiers fondements exp\u00e9rimentaux de cette id\u00e9e :\u00a0<i>la musique est un langage<\/i>.<\/p>\n<p style=\"text-align: justify;\"><b>Photographie<\/b><br \/>\nLOIC VENANCE\u00a0\u2013\u00a0<em><span class=\"apple-style-span\">R\u00e9fugi\u00e9s.<\/span><\/em><\/p>\n<p style=\"text-align: justify;\"><b>Philosophie<\/b><br \/>\nPIERRE-ULYSSE BARRANQUE\u00a0\u2013\u00a0<em>Pr\u00e9sentation de\u00a0 \u00ab\u00a0Sur l\u2019antis\u00e9mitisme\u00a0\u00bb<span class=\"apple-converted-space\">\u00a0<\/span>de Friedrich Engels\u00a0<\/em><br \/>\nNous pr\u00e9sentons un texte in\u00e9dit en langue fran\u00e7aise de Friedrich Engels dans lequel celui-ci analyse l&rsquo;apparition de l&rsquo;antis\u00e9mitisme en Europe centrale et orientale. Il s&rsquo;agira d\u00e8s lors de d\u00e9construire le discours antis\u00e9mite en pr\u00e9sentant les forces historiques et sociales qui sont \u00e0 son origine.<\/p>\n<p>FRIEDRICH ENGELS\u00a0<em>\u2013 Sur l\u2019antis\u00e9mitisme\u00a0<\/em><span style=\"font-size: 10pt;\">(texte in\u00e9dit en fran\u00e7ais, traduction de P-U Barranque)<\/span><\/p>\n<p>SEBASTIEN MIRAVETE\u00a0\u2013\u00a0<em>L\u2019autre grande m\u00e9taphysique.<\/em><br \/>\nExposition d\u2019une des probl\u00e9matiques essentielles, d\u00e9gag\u00e9e par Pierre Montebello, pour comprendre la philosophie et la pens\u00e9e du XXe si\u00e8cle (ph\u00e9nom\u00e9nologie, philosophie analytique, Badiou, Deleuze, sciences humaines, etc.), et celles qui suivront.<\/p>\n<p style=\"text-align: justify;\">ELIANE MARTIN-HAAG\u00a0\u2013<span class=\"apple-converted-space\">\u00a0<\/span><em>Le spinozisme dans le cin\u00e9ma politique et social.<\/em><br \/>\nLe film <em>Amadeus<\/em> de Milos Forman, et la trilogie de Lars von Trier, illustrent cette pens\u00e9e-cin\u00e9ma \u00e9tonnamment proche de Spinoza : l\u2019\u00e9mancipation par le don g\u00e9nial ou g\u00e9n\u00e9reux de soi n\u00e9glige tragiquement la n\u00e9cessaire transformation des relations \u00e9conomiques et sociales.<\/p>\n<p style=\"text-align: justify;\"><b>Dessin<\/b><br \/>\nJEREMY BOULARD LE FUR\u00a0\u2013\u00a0<em>Rires au fond<\/em>\u00a0(s\u00e9rie)<\/p>\n<p><b>Les Mots de Bonnefoy<\/b><br \/>\nMots Crois\u00e9s de BERNARD BONNEFOY<\/p>\n<p style=\"text-align: justify;\"><strong>Illustrations<\/strong><br \/>\nLAURENCE GATTI<\/p>\n<div id='gallery-1' class='gallery galleryid-7664 gallery-columns-7 gallery-size-thumbnail'><figure class='gallery-item'>\n\t\t\t<div class='gallery-icon landscape'>\n\t\t\t\t<a href='https:\/\/www.revuegruppen.com\/gruppen\/wp-content\/uploads\/2011\/06\/Gruppen-n\u00b03-Pierre-Etaix-min.jpg'><img loading=\"lazy\" decoding=\"async\" width=\"200\" height=\"200\" src=\"https:\/\/www.revuegruppen.com\/gruppen\/wp-content\/uploads\/2011\/06\/Gruppen-n\u00b03-Pierre-Etaix-min-200x200.jpg\" class=\"attachment-thumbnail size-thumbnail\" alt=\"\" srcset=\"https:\/\/www.revuegruppen.com\/gruppen\/wp-content\/uploads\/2011\/06\/Gruppen-n\u00b03-Pierre-Etaix-min-200x200.jpg 200w, https:\/\/www.revuegruppen.com\/gruppen\/wp-content\/uploads\/2011\/06\/Gruppen-n\u00b03-Pierre-Etaix-min-400x400.jpg 400w, https:\/\/www.revuegruppen.com\/gruppen\/wp-content\/uploads\/2011\/06\/Gruppen-n\u00b03-Pierre-Etaix-min-800x800.jpg 800w, https:\/\/www.revuegruppen.com\/gruppen\/wp-content\/uploads\/2011\/06\/Gruppen-n\u00b03-Pierre-Etaix-min-100x100.jpg 100w\" sizes=\"auto, (max-width: 200px) 100vw, 200px\" \/><\/a>\n\t\t\t<\/div><\/figure><figure class='gallery-item'>\n\t\t\t<div class='gallery-icon landscape'>\n\t\t\t\t<a href='https:\/\/www.revuegruppen.com\/gruppen\/wp-content\/uploads\/2011\/06\/Gruppen-n\u00b03-Martin-Haag-min.jpg'><img loading=\"lazy\" decoding=\"async\" width=\"200\" height=\"200\" src=\"https:\/\/www.revuegruppen.com\/gruppen\/wp-content\/uploads\/2011\/06\/Gruppen-n\u00b03-Martin-Haag-min-200x200.jpg\" class=\"attachment-thumbnail size-thumbnail\" alt=\"\" srcset=\"https:\/\/www.revuegruppen.com\/gruppen\/wp-content\/uploads\/2011\/06\/Gruppen-n\u00b03-Martin-Haag-min-200x200.jpg 200w, https:\/\/www.revuegruppen.com\/gruppen\/wp-content\/uploads\/2011\/06\/Gruppen-n\u00b03-Martin-Haag-min-400x400.jpg 400w, https:\/\/www.revuegruppen.com\/gruppen\/wp-content\/uploads\/2011\/06\/Gruppen-n\u00b03-Martin-Haag-min-800x800.jpg 800w, https:\/\/www.revuegruppen.com\/gruppen\/wp-content\/uploads\/2011\/06\/Gruppen-n\u00b03-Martin-Haag-min-100x100.jpg 100w\" sizes=\"auto, (max-width: 200px) 100vw, 200px\" \/><\/a>\n\t\t\t<\/div><\/figure><figure class='gallery-item'>\n\t\t\t<div class='gallery-icon landscape'>\n\t\t\t\t<a href='https:\/\/www.revuegruppen.com\/gruppen\/wp-content\/uploads\/2011\/06\/Gruppen-n\u00b03-Laurent-Jarfer-min.jpg'><img loading=\"lazy\" decoding=\"async\" width=\"200\" height=\"200\" src=\"https:\/\/www.revuegruppen.com\/gruppen\/wp-content\/uploads\/2011\/06\/Gruppen-n\u00b03-Laurent-Jarfer-min-200x200.jpg\" class=\"attachment-thumbnail size-thumbnail\" alt=\"\" srcset=\"https:\/\/www.revuegruppen.com\/gruppen\/wp-content\/uploads\/2011\/06\/Gruppen-n\u00b03-Laurent-Jarfer-min-200x200.jpg 200w, https:\/\/www.revuegruppen.com\/gruppen\/wp-content\/uploads\/2011\/06\/Gruppen-n\u00b03-Laurent-Jarfer-min-400x400.jpg 400w, https:\/\/www.revuegruppen.com\/gruppen\/wp-content\/uploads\/2011\/06\/Gruppen-n\u00b03-Laurent-Jarfer-min-800x800.jpg 800w, https:\/\/www.revuegruppen.com\/gruppen\/wp-content\/uploads\/2011\/06\/Gruppen-n\u00b03-Laurent-Jarfer-min-100x100.jpg 100w\" sizes=\"auto, (max-width: 200px) 100vw, 200px\" \/><\/a>\n\t\t\t<\/div><\/figure><figure class='gallery-item'>\n\t\t\t<div class='gallery-icon landscape'>\n\t\t\t\t<a href='https:\/\/www.revuegruppen.com\/gruppen\/wp-content\/uploads\/2011\/06\/Gruppen-n\u00b03-Engels-min.jpg'><img loading=\"lazy\" decoding=\"async\" width=\"200\" height=\"200\" src=\"https:\/\/www.revuegruppen.com\/gruppen\/wp-content\/uploads\/2011\/06\/Gruppen-n\u00b03-Engels-min-200x200.jpg\" class=\"attachment-thumbnail size-thumbnail\" alt=\"\" srcset=\"https:\/\/www.revuegruppen.com\/gruppen\/wp-content\/uploads\/2011\/06\/Gruppen-n\u00b03-Engels-min-200x200.jpg 200w, https:\/\/www.revuegruppen.com\/gruppen\/wp-content\/uploads\/2011\/06\/Gruppen-n\u00b03-Engels-min-400x400.jpg 400w, https:\/\/www.revuegruppen.com\/gruppen\/wp-content\/uploads\/2011\/06\/Gruppen-n\u00b03-Engels-min-800x800.jpg 800w, https:\/\/www.revuegruppen.com\/gruppen\/wp-content\/uploads\/2011\/06\/Gruppen-n\u00b03-Engels-min-100x100.jpg 100w\" sizes=\"auto, (max-width: 200px) 100vw, 200px\" \/><\/a>\n\t\t\t<\/div><\/figure><figure class='gallery-item'>\n\t\t\t<div class='gallery-icon landscape'>\n\t\t\t\t<a href='https:\/\/www.revuegruppen.com\/gruppen\/wp-content\/uploads\/2011\/06\/Gruppen-n\u00b03-Boulard-Le-Fur-min.jpg'><img loading=\"lazy\" decoding=\"async\" width=\"200\" height=\"200\" src=\"https:\/\/www.revuegruppen.com\/gruppen\/wp-content\/uploads\/2011\/06\/Gruppen-n\u00b03-Boulard-Le-Fur-min-200x200.jpg\" class=\"attachment-thumbnail size-thumbnail\" alt=\"\" srcset=\"https:\/\/www.revuegruppen.com\/gruppen\/wp-content\/uploads\/2011\/06\/Gruppen-n\u00b03-Boulard-Le-Fur-min-200x200.jpg 200w, https:\/\/www.revuegruppen.com\/gruppen\/wp-content\/uploads\/2011\/06\/Gruppen-n\u00b03-Boulard-Le-Fur-min-400x400.jpg 400w, https:\/\/www.revuegruppen.com\/gruppen\/wp-content\/uploads\/2011\/06\/Gruppen-n\u00b03-Boulard-Le-Fur-min-800x800.jpg 800w, https:\/\/www.revuegruppen.com\/gruppen\/wp-content\/uploads\/2011\/06\/Gruppen-n\u00b03-Boulard-Le-Fur-min-100x100.jpg 100w\" sizes=\"auto, (max-width: 200px) 100vw, 200px\" \/><\/a>\n\t\t\t<\/div><\/figure>\n\t\t<\/div>\n\n","protected":false},"excerpt":{"rendered":"<div class=\"resume1\">\n<p style=\"text-align: justify;\">Le troisi\u00e8me opus de\u00a0<em>Gruppen<\/em> accueille encore des grands noms de la pens\u00e9e et de l&rsquo;art : Friedrich Engels, dont Pierre-Ulysse Barranque nous livre la premi\u00e8re traduction fran\u00e7aise de son texte <em>Sur l&rsquo;antis\u00e9mitisme<\/em> ; le c\u00e9l\u00e8bre clown et cin\u00e9aste Pierre Etaix, avec lequel nous abordons au cours d\u2019une entrevue de pr\u00e8s de trente pages quelques unes des plus belles \u0153uvres du septi\u00e8me art ; enfin le po\u00e8te Serge Pey qui constitue aujourd&rsquo;hui l&rsquo;une des r\u00e9f\u00e9rences internationales de la po\u00e9sie contemporaine.<br \/>\nA leurs c\u00f4t\u00e9s apparaissent les exp\u00e9rimentations en psychologie de la musique d&rsquo;Ilan Kaddouch, la philosophie du cin\u00e9ma d&rsquo;Eliane Martin-Haag, les grandes probl\u00e9matiques de la m\u00e9taphysique actuelle de S\u00e9bastien Mirav\u00e8te, le\u00a0<em>Bebop Po\u00e8me<\/em>\u00a0de Laurent Jarfer, les\u00a0<em>Tripes et les yeux<\/em>\u00a0de Marc Sastre, les photographies-t\u00e9moignages de Lo\u00efc Venance, les dessins crayonn\u00e9s de J\u00e9r\u00e9my Boulard Le Fur, et bien entendu, comme toujours, les mots crois\u00e9s de Bernard Bonnefoy, tout cela servi par l&rsquo;excellente r\u00e9alisation graphique de Laurence Gatti.<\/p>\n<\/div>\n<div class=\"row\" style=\"text-align: justify;\"><\/div>\n","protected":false},"featured_media":8555,"template":"","meta":[],"product_brand":[],"product_cat":[66,67],"product_tag":[638,675,676,42,677,48,49,678,672,569,552,63,538,539],"class_list":{"0":"post-7664","1":"product","2":"type-product","3":"status-publish","4":"has-post-thumbnail","6":"tagmedia-gruppen-3","7":"product_cat-catalogue","8":"product_cat-revue","9":"product_tag-eliane-martin-haag","10":"product_tag-friedrich-engels","11":"product_tag-gruppen-n3","12":"product_tag-ilan-kaddouch","13":"product_tag-jeremy-boulard-le-fur","14":"product_tag-laurence-gatti","15":"product_tag-laurent-jarfer","16":"product_tag-loic-venance","17":"product_tag-marc-sastre","18":"product_tag-pierre-etaix","19":"product_tag-pierre-ulysse-barranque","20":"product_tag-revue-gruppen","21":"product_tag-sebastien-miravete","22":"product_tag-serge-pey","23":"product_shipping_class-entre-250-et-500g","24":"pa_auteur-collectif","25":"pa_date-de-parution-01-juin-2011","26":"pa_isbn-978-2-919103-02-7","27":"pa_nombre-de-pages-176-pages","29":"first","30":"instock","31":"shipping-taxable","32":"purchasable","33":"product-type-simple"},"_links":{"self":[{"href":"https:\/\/www.revuegruppen.com\/gruppen\/wp-json\/wp\/v2\/product\/7664","targetHints":{"allow":["GET"]}}],"collection":[{"href":"https:\/\/www.revuegruppen.com\/gruppen\/wp-json\/wp\/v2\/product"}],"about":[{"href":"https:\/\/www.revuegruppen.com\/gruppen\/wp-json\/wp\/v2\/types\/product"}],"wp:featuredmedia":[{"embeddable":true,"href":"https:\/\/www.revuegruppen.com\/gruppen\/wp-json\/wp\/v2\/media\/8555"}],"wp:attachment":[{"href":"https:\/\/www.revuegruppen.com\/gruppen\/wp-json\/wp\/v2\/media?parent=7664"}],"wp:term":[{"taxonomy":"product_brand","embeddable":true,"href":"https:\/\/www.revuegruppen.com\/gruppen\/wp-json\/wp\/v2\/product_brand?post=7664"},{"taxonomy":"product_cat","embeddable":true,"href":"https:\/\/www.revuegruppen.com\/gruppen\/wp-json\/wp\/v2\/product_cat?post=7664"},{"taxonomy":"product_tag","embeddable":true,"href":"https:\/\/www.revuegruppen.com\/gruppen\/wp-json\/wp\/v2\/product_tag?post=7664"}],"curies":[{"name":"wp","href":"https:\/\/api.w.org\/{rel}","templated":true}]}}